{"version":"1.0","provider_name":"Anaclann D\u00falra an Ghleanna Ghairbh","provider_url":"https:\/\/www.glengarriffnaturereserve.ie\/ga\/","title":"T\u00e9igh ar cuairt - Anaclann D\u00falra an Ghleanna Ghairbh","type":"rich","width":600,"height":338,"html":"<blockquote class=\"wp-embedded-content\" data-secret=\"jFhso3NclH\"><a href=\"https:\/\/www.glengarriffnaturereserve.ie\/ga\/teigh-ar-cuairt\/\">T\u00e9igh ar cuairt<\/a><\/blockquote><iframe sandbox=\"allow-scripts\" security=\"restricted\" src=\"https:\/\/www.glengarriffnaturereserve.ie\/ga\/teigh-ar-cuairt\/embed\/#?secret=jFhso3NclH\" width=\"600\" height=\"338\" title=\"&#8220;T\u00e9igh ar cuairt&#8221; &#8212; Anaclann D\u00falra an Ghleanna Ghairbh\" data-secret=\"jFhso3NclH\" frameborder=\"0\" marginwidth=\"0\" marginheight=\"0\" scrolling=\"no\" class=\"wp-embedded-content\"><\/iframe><script type=\"text\/javascript\">\n\/* <![CDATA[ *\/\n\/*! This file is auto-generated *\/\n!function(d,l){\"use strict\";l.querySelector&&d.addEventListener&&\"undefined\"!=typeof URL&&(d.wp=d.wp||{},d.wp.receiveEmbedMessage||(d.wp.receiveEmbedMessage=function(e){var t=e.data;if((t||t.secret||t.message||t.value)&&!\/[^a-zA-Z0-9]\/.test(t.secret)){for(var s,r,n,a=l.querySelectorAll('iframe[data-secret=\"'+t.secret+'\"]'),o=l.querySelectorAll('blockquote[data-secret=\"'+t.secret+'\"]'),c=new RegExp(\"^https?:$\",\"i\"),i=0;i<o.length;i++)o[i].style.display=\"none\";for(i=0;i<a.length;i++)s=a[i],e.source===s.contentWindow&&(s.removeAttribute(\"style\"),\"height\"===t.message?(1e3<(r=parseInt(t.value,10))?r=1e3:~~r<200&&(r=200),s.height=r):\"link\"===t.message&&(r=new URL(s.getAttribute(\"src\")),n=new URL(t.value),c.test(n.protocol))&&n.host===r.host&&l.activeElement===s&&(d.top.location.href=t.value))}},d.addEventListener(\"message\",d.wp.receiveEmbedMessage,!1),l.addEventListener(\"DOMContentLoaded\",function(){for(var e,t,s=l.querySelectorAll(\"iframe.wp-embedded-content\"),r=0;r<s.length;r++)(t=(e=s[r]).getAttribute(\"data-secret\"))||(t=Math.random().toString(36).substring(2,12),e.src+=\"#?secret=\"+t,e.setAttribute(\"data-secret\",t)),e.contentWindow.postMessage({message:\"ready\",secret:t},\"*\")},!1)))}(window,document);\n\/\/# sourceURL=https:\/\/www.glengarriffnaturereserve.ie\/wp-includes\/js\/wp-embed.min.js\n\/* ]]> *\/\n<\/script>\n","description":"Anaclann D\u00falra Choill an Ghleanna Ghairbh An Gleann Garbh Co. Chorca\u00ed \u00c9ire F\u00f3n: + 353 27 63636 R\u00edomhphost: glengarriffnaturereserve@npws.gov.ie Anaclann D\u00falra an Ghleanna Ghairbh T\u00e1 an tSeirbh\u00eds P\u00e1irceanna N\u00e1isi\u00fanta agus Fiadh\u00falra freagrach as caomhn\u00fa agus cosaint oidhreacht n\u00e1d\u00fartha na h\u00c9ireann. Faoi th\u00e9arma\u00ed an Achta um Fhiadh\u00falra 1976 agus na Rialach\u00e1n um Ghn\u00e1th\u00f3ga, buna\u00edodh gr\u00e9as\u00e1n ar..."}