{"id":466,"date":"2015-08-20T14:45:57","date_gmt":"2015-08-20T14:45:57","guid":{"rendered":"https:\/\/www.glengarriffnaturereserve.ie\/teigh-ar-cuairt\/"},"modified":"2023-09-01T14:02:26","modified_gmt":"2023-09-01T14:02:26","slug":"teigh-ar-cuairt","status":"publish","type":"page","link":"https:\/\/www.glengarriffnaturereserve.ie\/ga\/teigh-ar-cuairt\/","title":{"rendered":"T\u00e9igh ar cuairt"},"content":{"rendered":"<div style=\"font-size: 1.5em; font-weight: 600; line-spacing: 1.1\">Anaclann D\u00falra Choill an Ghleanna Ghairbh<br \/>\nAn Gleann Garbh<br \/>\nCo. Chorca\u00ed<br \/>\n\u00c9ire<br \/>\nF\u00f3n: + 353 27 63636<br \/>\nR\u00edomhphost: glengarriffnaturereserve@npws.gov.ie<\/div>\n<hr style=\"margin: 2em 0\">\n<h2>Anaclann D\u00falra an Ghleanna Ghairbh<\/h2>\n<p>T\u00e1 an tSeirbh\u00eds P\u00e1irceanna N\u00e1isi\u00fanta agus Fiadh\u00falra freagrach as caomhn\u00fa agus cosaint oidhreacht n\u00e1d\u00fartha na h\u00c9ireann. Faoi th\u00e9arma\u00ed an Achta um Fhiadh\u00falra 1976 agus na Rialach\u00e1n um Ghn\u00e1th\u00f3ga, buna\u00edodh gr\u00e9as\u00e1n ar fud na t\u00edre d\u2019Anaclanna D\u00falra, de Limist\u00e9ir faoi Chaomhn\u00fa Speisialta (SACanna), de Limist\u00e9ir faoi Chosaint Speisialta (SPAanna) agus de Limist\u00e9ir Oidhreachta N\u00e1d\u00fartha (NHAnna).<\/p>\n<p>Ainmn\u00edodh Anaclann D\u00falra Choill an Ghleanna Ghairbh in 1991 agus t\u00e1 s\u00e9 \u00e1 bhainisti\u00fa agus faoi \u00fain\u00e9ireacht an NPWS. \u00c1ir\u00edtear ar an bhfoireann at\u00e1 lonnaithe sa Anaclann D\u00falra Maor Caomhantais agus tri\u00far Oibrithe Ginear\u00e1lta.<\/p>\n<h2>Conas an \u00e1it a shroicheadh<\/h2>\n<p>T\u00e1 an bealach isteach go hAnaclann D\u00falra Choill an Ghleanna Ghairbh suite timpeall 1km \u00f3 shr\u00e1idbhaile an Ghleanna Ghairbh, Co. Chorca\u00ed, ar Bh\u00f3thar Neid\u00edn (N17). T\u00e1 raon de chonair\u00ed si\u00fal\u00f3ide agus l\u00e1ithreacha picnice sa Anaclann D\u00falra. N\u00edl aon \u00e1iseanna leithris ann.<\/p>\n<h2>Cead isteach<\/h2>\n<p>T\u00e1 cead isteach chuig an Anaclann D\u00falra saor in aisce agus b\u00edonn an Anaclann ar oscailt gach l\u00e1 i rith na bliana.<\/p>\n<h2>L\u00e9arsc\u00e1ileanna &amp; Treoirleabhar<\/h2>\n<p>T\u00e1 bileog eolais ann faoi Anaclann D\u00falra Choill an Ghleanna Ghairbh: Conair si\u00fal\u00f3ide in Anaclann D\u00falra Choill an Ghleanna Ghairbh (cur s\u00edos ar ch\u00faig shi\u00fal\u00f3id). T\u00e1 an bhileog eolais ar f\u00e1il \u00f3 na hOifig\u00ed Turas\u00f3ireachta sa Ghleann Garbh n\u00f3 \u00f3 bhosca bileoige i gcarrchl\u00f3s an Anaclann D\u00falra n\u00f3 anseo le h\u00edosl\u00f3d\u00e1il &gt; <a href=\"https:\/\/www.glengarriffnaturereserve.ie\/wp-content\/uploads\/2018\/01\/Glengarrif-leaflet.low-res.9.pdf\">Bileog eolais chonair si\u00fal\u00f3ide an Ghleanna Ghairbh<\/a><\/p>\n<h2>Aer\u00e1id<\/h2>\n<p>T\u00e1 tionchar m\u00f3r ar aer\u00e1id an Ghleanna Ghairbh ag a ch\u00f3ngaracht don Atlantach agus do Shruth na Murascaille. Is gn\u00e1ch go dtugann sruthanna teo farraige aimsir mheasartha bhog, thais chuig an iardheisceart. Is annamh a bh\u00edonn sioc ann, is \u00ed an mhe\u00e1nteocht laeth\u00fail n\u00e1 10.5\u00b0C agus is gn\u00e1ch go mb\u00edonn an me\u00e1nbh\u00e1ist\u00ed thart ar 2000mm in aghaidh na bliana.<\/p>\n<h2>C\u00f3d Iompra\u00edochta<\/h2>\n<ul>\n<li>Tabhair leat do chuid bruscar go l\u00e9ir as an Anaclann D\u00falra le do thoil<\/li>\n<li>N\u00e1 pioc bl\u00e1thanna agus n\u00e1 d\u00e9an dam\u00e1iste do phlanda\u00ed. F\u00e1g iad le go mbainfidh daoine eile taitneamh astu.<\/li>\n<li>Coinnigh madra\u00ed go daingean faoi smacht, le do thoil. Cuirfidh a mboladh eagla ar an bhfiadh\u00falra agus laghd\u00f3idh s\u00e9 an seans go bhfeicfidh t\u00fa ainmhithe.<\/li>\n<li>N\u00e1 cuir isteach ar aon ainmh\u00ed n\u00f3 \u00e9an agus n\u00e1 gortaigh iad. T\u00e1 an fiadh\u00falra faoi dhianchosaint.<\/li>\n<li>N\u00e1 las tine le do thoil. Is furasta tine a lasadh, ach t\u00e1 s\u00e9 i bhfad n\u00edos deacra \u00ed a mh\u00fachadh nuair a th\u00e9ann s\u00ed as smacht.<\/li>\n<li>N\u00e1 b\u00ed ag marca\u00edocht ar rothair n\u00e1 ar chapaill ar na cos\u00e1in. D\u00e9antar \u00e9 seo chun s\u00e1bh\u00e1ilteacht coisithe a chinnti\u00fa.<\/li>\n<\/ul>\n","protected":false},"excerpt":{"rendered":"<p>Anaclann D\u00falra Choill an Ghleanna Ghairbh An Gleann Garbh Co. Chorca\u00ed \u00c9ire F\u00f3n: + 353 27 63636 R\u00edomhphost: glengarriffnaturereserve@npws.gov.ie Anaclann D\u00falra an Ghleanna Ghairbh T\u00e1 an tSeirbh\u00eds P\u00e1irceanna N\u00e1isi\u00fanta agus Fiadh\u00falra freagrach as caomhn\u00fa agus cosaint oidhreacht n\u00e1d\u00fartha na h\u00c9ireann. Faoi th\u00e9arma\u00ed an Achta um Fhiadh\u00falra 1976 agus na Rialach\u00e1n um Ghn\u00e1th\u00f3ga, buna\u00edodh gr\u00e9as\u00e1n ar&#8230; <\/p>\n","protected":false},"author":5,"featured_media":0,"parent":0,"menu_order":1,"comment_status":"closed","ping_status":"closed","template":"full-width.php","meta":{"footnotes":""},"class_list":["post-466","page","type-page","status-publish","hentry"],"yoast_head":"<!-- This site is optimized with the Yoast SEO plugin v27.4 - https:\/\/yoast.com\/product\/yoast-seo-wordpress\/ -->\n<title>T\u00e9igh ar cuairt - Anaclann D\u00falra an Ghleanna Ghairbh<\/title>\n<meta name=\"robots\" content=\"index, follow, max-snippet:-1, max-image-preview:large, max-video-preview:-1\" \/>\n<link rel=\"canonical\" href=\"https:\/\/www.glengarriffnaturereserve.ie\/ga\/teigh-ar-cuairt\/\" \/>\n<meta property=\"og:locale\" content=\"ga_IE\" \/>\n<meta property=\"og:type\" content=\"article\" \/>\n<meta property=\"og:title\" content=\"T\u00e9igh ar cuairt - Anaclann D\u00falra an Ghleanna Ghairbh\" \/>\n<meta property=\"og:description\" content=\"Anaclann D\u00falra Choill an Ghleanna Ghairbh An Gleann Garbh Co. Chorca\u00ed \u00c9ire F\u00f3n: + 353 27 63636 R\u00edomhphost: glengarriffnaturereserve@npws.gov.ie Anaclann D\u00falra an Ghleanna Ghairbh T\u00e1 an tSeirbh\u00eds P\u00e1irceanna N\u00e1isi\u00fanta agus Fiadh\u00falra freagrach as caomhn\u00fa agus cosaint oidhreacht n\u00e1d\u00fartha na h\u00c9ireann. Faoi th\u00e9arma\u00ed an Achta um Fhiadh\u00falra 1976 agus na Rialach\u00e1n um Ghn\u00e1th\u00f3ga, buna\u00edodh gr\u00e9as\u00e1n ar...\" \/>\n<meta property=\"og:url\" content=\"https:\/\/www.glengarriffnaturereserve.ie\/ga\/teigh-ar-cuairt\/\" \/>\n<meta property=\"og:site_name\" content=\"Anaclann D\u00falra an Ghleanna Ghairbh\" \/>\n<meta property=\"article:publisher\" content=\"https:\/\/www.facebook.com\/GlengarriffWoodsNatureReserve\" \/>\n<meta property=\"article:modified_time\" content=\"2023-09-01T14:02:26+00:00\" \/>\n<meta name=\"twitter:card\" content=\"summary_large_image\" \/>\n<meta name=\"twitter:site\" content=\"@GlengarriffWood\" \/>\n<meta name=\"twitter:label1\" content=\"Est. reading time\" \/>\n\t<meta name=\"twitter:data1\" content=\"3 minutes\" \/>\n<script type=\"application\/ld+json\" class=\"yoast-schema-graph\">{\"@context\":\"https:\\\/\\\/schema.org\",\"@graph\":[{\"@type\":\"WebPage\",\"@id\":\"https:\\\/\\\/www.glengarriffnaturereserve.ie\\\/ga\\\/teigh-ar-cuairt\\\/\",\"url\":\"https:\\\/\\\/www.glengarriffnaturereserve.ie\\\/ga\\\/teigh-ar-cuairt\\\/\",\"name\":\"T\u00e9igh ar cuairt - Anaclann D\u00falra an Ghleanna Ghairbh\",\"isPartOf\":{\"@id\":\"https:\\\/\\\/www.glengarriffnaturereserve.ie\\\/ga\\\/#website\"},\"datePublished\":\"2015-08-20T14:45:57+00:00\",\"dateModified\":\"2023-09-01T14:02:26+00:00\",\"breadcrumb\":{\"@id\":\"https:\\\/\\\/www.glengarriffnaturereserve.ie\\\/ga\\\/teigh-ar-cuairt\\\/#breadcrumb\"},\"inLanguage\":\"ga-IE\",\"potentialAction\":[{\"@type\":\"ReadAction\",\"target\":[\"https:\\\/\\\/www.glengarriffnaturereserve.ie\\\/ga\\\/teigh-ar-cuairt\\\/\"]}]},{\"@type\":\"BreadcrumbList\",\"@id\":\"https:\\\/\\\/www.glengarriffnaturereserve.ie\\\/ga\\\/teigh-ar-cuairt\\\/#breadcrumb\",\"itemListElement\":[{\"@type\":\"ListItem\",\"position\":1,\"name\":\"Home\",\"item\":\"https:\\\/\\\/www.glengarriffnaturereserve.ie\\\/ga\\\/\"},{\"@type\":\"ListItem\",\"position\":2,\"name\":\"T\u00e9igh ar cuairt\"}]},{\"@type\":\"WebSite\",\"@id\":\"https:\\\/\\\/www.glengarriffnaturereserve.ie\\\/ga\\\/#website\",\"url\":\"https:\\\/\\\/www.glengarriffnaturereserve.ie\\\/ga\\\/\",\"name\":\"Anaclann D\u00falra an Ghleanna Ghairbh\",\"description\":\"\",\"potentialAction\":[{\"@type\":\"SearchAction\",\"target\":{\"@type\":\"EntryPoint\",\"urlTemplate\":\"https:\\\/\\\/www.glengarriffnaturereserve.ie\\\/ga\\\/?s={search_term_string}\"},\"query-input\":{\"@type\":\"PropertyValueSpecification\",\"valueRequired\":true,\"valueName\":\"search_term_string\"}}],\"inLanguage\":\"ga-IE\"}]}<\/script>\n<!-- \/ Yoast SEO plugin. -->","yoast_head_json":{"title":"T\u00e9igh ar cuairt - Anaclann D\u00falra an Ghleanna Ghairbh","robots":{"index":"index","follow":"follow","max-snippet":"max-snippet:-1","max-image-preview":"max-image-preview:large","max-video-preview":"max-video-preview:-1"},"canonical":"https:\/\/www.glengarriffnaturereserve.ie\/ga\/teigh-ar-cuairt\/","og_locale":"ga_IE","og_type":"article","og_title":"T\u00e9igh ar cuairt - Anaclann D\u00falra an Ghleanna Ghairbh","og_description":"Anaclann D\u00falra Choill an Ghleanna Ghairbh An Gleann Garbh Co. Chorca\u00ed \u00c9ire F\u00f3n: + 353 27 63636 R\u00edomhphost: glengarriffnaturereserve@npws.gov.ie Anaclann D\u00falra an Ghleanna Ghairbh T\u00e1 an tSeirbh\u00eds P\u00e1irceanna N\u00e1isi\u00fanta agus Fiadh\u00falra freagrach as caomhn\u00fa agus cosaint oidhreacht n\u00e1d\u00fartha na h\u00c9ireann. Faoi th\u00e9arma\u00ed an Achta um Fhiadh\u00falra 1976 agus na Rialach\u00e1n um Ghn\u00e1th\u00f3ga, buna\u00edodh gr\u00e9as\u00e1n ar...","og_url":"https:\/\/www.glengarriffnaturereserve.ie\/ga\/teigh-ar-cuairt\/","og_site_name":"Anaclann D\u00falra an Ghleanna Ghairbh","article_publisher":"https:\/\/www.facebook.com\/GlengarriffWoodsNatureReserve","article_modified_time":"2023-09-01T14:02:26+00:00","twitter_card":"summary_large_image","twitter_site":"@GlengarriffWood","twitter_misc":{"Est. reading time":"3 minutes"},"schema":{"@context":"https:\/\/schema.org","@graph":[{"@type":"WebPage","@id":"https:\/\/www.glengarriffnaturereserve.ie\/ga\/teigh-ar-cuairt\/","url":"https:\/\/www.glengarriffnaturereserve.ie\/ga\/teigh-ar-cuairt\/","name":"T\u00e9igh ar cuairt - Anaclann D\u00falra an Ghleanna Ghairbh","isPartOf":{"@id":"https:\/\/www.glengarriffnaturereserve.ie\/ga\/#website"},"datePublished":"2015-08-20T14:45:57+00:00","dateModified":"2023-09-01T14:02:26+00:00","breadcrumb":{"@id":"https:\/\/www.glengarriffnaturereserve.ie\/ga\/teigh-ar-cuairt\/#breadcrumb"},"inLanguage":"ga-IE","potentialAction":[{"@type":"ReadAction","target":["https:\/\/www.glengarriffnaturereserve.ie\/ga\/teigh-ar-cuairt\/"]}]},{"@type":"BreadcrumbList","@id":"https:\/\/www.glengarriffnaturereserve.ie\/ga\/teigh-ar-cuairt\/#breadcrumb","itemListElement":[{"@type":"ListItem","position":1,"name":"Home","item":"https:\/\/www.glengarriffnaturereserve.ie\/ga\/"},{"@type":"ListItem","position":2,"name":"T\u00e9igh ar cuairt"}]},{"@type":"WebSite","@id":"https:\/\/www.glengarriffnaturereserve.ie\/ga\/#website","url":"https:\/\/www.glengarriffnaturereserve.ie\/ga\/","name":"Anaclann D\u00falra an Ghleanna Ghairbh","description":"","potentialAction":[{"@type":"SearchAction","target":{"@type":"EntryPoint","urlTemplate":"https:\/\/www.glengarriffnaturereserve.ie\/ga\/?s={search_term_string}"},"query-input":{"@type":"PropertyValueSpecification","valueRequired":true,"valueName":"search_term_string"}}],"inLanguage":"ga-IE"}]}},"_links":{"self":[{"href":"https:\/\/www.glengarriffnaturereserve.ie\/ga\/wp-json\/wp\/v2\/pages\/466","targetHints":{"allow":["GET"]}}],"collection":[{"href":"https:\/\/www.glengarriffnaturereserve.ie\/ga\/wp-json\/wp\/v2\/pages"}],"about":[{"href":"https:\/\/www.glengarriffnaturereserve.ie\/ga\/wp-json\/wp\/v2\/types\/page"}],"author":[{"embeddable":true,"href":"https:\/\/www.glengarriffnaturereserve.ie\/ga\/wp-json\/wp\/v2\/users\/5"}],"replies":[{"embeddable":true,"href":"https:\/\/www.glengarriffnaturereserve.ie\/ga\/wp-json\/wp\/v2\/comments?post=466"}],"version-history":[{"count":1,"href":"https:\/\/www.glengarriffnaturereserve.ie\/ga\/wp-json\/wp\/v2\/pages\/466\/revisions"}],"predecessor-version":[{"id":557,"href":"https:\/\/www.glengarriffnaturereserve.ie\/ga\/wp-json\/wp\/v2\/pages\/466\/revisions\/557"}],"wp:attachment":[{"href":"https:\/\/www.glengarriffnaturereserve.ie\/ga\/wp-json\/wp\/v2\/media?parent=466"}],"curies":[{"name":"wp","href":"https:\/\/api.w.org\/{rel}","templated":true}]}}