{"id":473,"date":"2015-02-04T12:03:38","date_gmt":"2015-02-04T12:03:38","guid":{"rendered":"https:\/\/www.glengarriffnaturereserve.ie\/gailearai\/"},"modified":"2015-02-04T12:03:38","modified_gmt":"2015-02-04T12:03:38","slug":"gailearai","status":"publish","type":"page","link":"https:\/\/www.glengarriffnaturereserve.ie\/ga\/gailearai\/","title":{"rendered":"Gaileara\u00ed"},"content":{"rendered":"<p>Seo roinnt \u00edomh\u00e1nna \u00f3 Anaclann D\u00falra an Ghleanna Ghairbh<\/p>\n<div class=\"photobooth\"><div class=\"filter-gallery\"><ul class=\"clean\" id=\"filter\"><li class=\"current\"><a href=\"javascript:void(0)\">All<\/a><\/li><li><a href=\"javascript:void(0)\">Landscape<\/a><\/li><li><a href=\"javascript:void(0)\">Wildlife<\/a><\/li><\/ul><\/div><div class=\"gallery\"><ul class=\"clean\" id=\"portfolio\"><li class=\"landscape\" >\n                <strong>Beara Mountains<\/strong>                \n <a href=\"https:\/\/www.glengarriffnaturereserve.ie\/wp-content\/uploads\/2018\/01\/BearaMountains-1.jpg\" rel=\"prettyPhoto[pp_gal]\"><img decoding=\"async\" src=\"https:\/\/www.glengarriffnaturereserve.ie\/wp-content\/uploads\/2018\/01\/BearaMountains-1.jpg\" alt=\"Enlarge Beara Mountains\" \/><\/a>\n            <\/li><li class=\"landscape\" >\n                <strong>Waterfall Glengarriff Woods<\/strong>                \n <a href=\"https:\/\/www.glengarriffnaturereserve.ie\/wp-content\/uploads\/2018\/01\/Waterfall-Glengarriff-Woods.jpg\" rel=\"prettyPhoto[pp_gal]\"><img decoding=\"async\" src=\"https:\/\/www.glengarriffnaturereserve.ie\/wp-content\/uploads\/2018\/01\/Waterfall-Glengarriff-Woods.jpg\" alt=\"Enlarge Waterfall at Glengarriff Woods\" \/><\/a>\n            <\/li><li class=\"landscape\" >\n                <strong>Narrow leaved helleborine<\/strong>                \n <a href=\"https:\/\/www.glengarriffnaturereserve.ie\/wp-content\/uploads\/2018\/01\/narrow-leaved-helleborine.jpg\" rel=\"prettyPhoto[pp_gal]\"><img decoding=\"async\" src=\"https:\/\/www.glengarriffnaturereserve.ie\/wp-content\/uploads\/2018\/01\/narrow-leaved-helleborine.jpg\" alt=\"Enlarge Narrow Leaved Helliborine\" \/><\/a>\n            <\/li><li class=\"landscape\" style=\"margin-right:0\">\n                <strong>Large flowered butterwort<\/strong>                \n <a href=\"https:\/\/www.glengarriffnaturereserve.ie\/wp-content\/uploads\/2018\/01\/large-flowered-butterwort.jpg\" rel=\"prettyPhoto[pp_gal]\"><img decoding=\"async\" src=\"https:\/\/www.glengarriffnaturereserve.ie\/wp-content\/uploads\/2018\/01\/large-flowered-butterwort.jpg\" alt=\"Enlarge \" \/><\/a>\n            <\/li><li class=\"landscape\" >\n                <strong>Irish spurge<\/strong>                \n <a href=\"https:\/\/www.glengarriffnaturereserve.ie\/wp-content\/uploads\/2018\/01\/Irish-spurge.jpg\" rel=\"prettyPhoto[pp_gal]\"><img decoding=\"async\" src=\"https:\/\/www.glengarriffnaturereserve.ie\/wp-content\/uploads\/2018\/01\/Irish-spurge.jpg\" alt=\"Enlarge Irish Spurge Plant\" \/><\/a>\n            <\/li><li class=\"wildlife\" >\n                <strong>White-tailed eagle<\/strong>                \n <a href=\"https:\/\/www.glengarriffnaturereserve.ie\/wp-content\/uploads\/2018\/01\/white-tailed-eagle.jpg\" rel=\"prettyPhoto[pp_gal]\"><img decoding=\"async\" src=\"https:\/\/www.glengarriffnaturereserve.ie\/wp-content\/uploads\/2018\/01\/white-tailed-eagle.jpg\" alt=\"Enlarge White Tailed Eagle\" \/><\/a>\n            <\/li><li class=\"wildlife\" >\n                <strong>Peacock butterfly<\/strong>                \n <a href=\"https:\/\/www.glengarriffnaturereserve.ie\/wp-content\/uploads\/2018\/01\/Peacock-butterfly.jpg\" rel=\"prettyPhoto[pp_gal]\"><img decoding=\"async\" src=\"https:\/\/www.glengarriffnaturereserve.ie\/wp-content\/uploads\/2018\/01\/Peacock-butterfly.jpg\" alt=\"Enlarge Peacock Butterfly\" \/><\/a>\n            <\/li><li class=\"wildlife\" style=\"margin-right:0\">\n                <strong>Kerry Slug<\/strong>                \n <a href=\"https:\/\/www.glengarriffnaturereserve.ie\/wp-content\/uploads\/2018\/01\/Kerry-Slug.jpg\" rel=\"prettyPhoto[pp_gal]\"><img decoding=\"async\" src=\"https:\/\/www.glengarriffnaturereserve.ie\/wp-content\/uploads\/2018\/01\/Kerry-Slug.jpg\" alt=\"Enlarge Kerry Slug\" \/><\/a>\n            <\/li><li class=\"wildlife\" >\n                <strong>Hibernating lesser horseshoe bats<\/strong>                \n <a href=\"https:\/\/www.glengarriffnaturereserve.ie\/wp-content\/uploads\/2018\/01\/Hibernating-lesser-horseshoe-bats.jpg\" rel=\"prettyPhoto[pp_gal]\"><img decoding=\"async\" src=\"https:\/\/www.glengarriffnaturereserve.ie\/wp-content\/uploads\/2018\/01\/Hibernating-lesser-horseshoe-bats.jpg\" alt=\"Enlarge Lesser Horseshoe Bats Hibernating\" \/><\/a>\n            <\/li><li class=\"wildlife\" >\n                <strong>Dragonfly Common Hawker<\/strong>                \n <a href=\"https:\/\/www.glengarriffnaturereserve.ie\/wp-content\/uploads\/2018\/01\/Dragonfly-Common-Hawker.jpg\" rel=\"prettyPhoto[pp_gal]\"><img decoding=\"async\" src=\"https:\/\/www.glengarriffnaturereserve.ie\/wp-content\/uploads\/2018\/01\/Dragonfly-Common-Hawker.jpg\" alt=\"Enlarge Common Hawker Dragonfly\" \/><\/a>\n            <\/li><li class=\"wildlife\" >\n                <strong>Brown long-eared bats<\/strong>                \n <a href=\"https:\/\/www.glengarriffnaturereserve.ie\/wp-content\/uploads\/2018\/01\/Brown-long-eared-bats.jpg\" rel=\"prettyPhoto[pp_gal]\"><img decoding=\"async\" src=\"https:\/\/www.glengarriffnaturereserve.ie\/wp-content\/uploads\/2018\/01\/Brown-long-eared-bats.jpg\" alt=\"Enlarge Brown Long-Eared Bats\" \/><\/a>\n            <\/li><li class=\"wildlife\" style=\"margin-right:0\">\n                <strong>Barn Owl<\/strong>                \n <a href=\"https:\/\/www.glengarriffnaturereserve.ie\/wp-content\/uploads\/2018\/01\/Barn-Owl-e1515167842144.jpg\" rel=\"prettyPhoto[pp_gal]\"><img decoding=\"async\" src=\"https:\/\/www.glengarriffnaturereserve.ie\/wp-content\/uploads\/2018\/01\/Barn-Owl-e1515167842144.jpg\" alt=\"Enlarge Barn Owl\" \/><\/a>\n            <\/li><\/ul><\/div><div class=\"clear\"><\/div><\/div>\n","protected":false},"excerpt":{"rendered":"<p>Seo roinnt \u00edomh\u00e1nna \u00f3 Anaclann D\u00falra an Ghleanna Ghairbh<\/p>\n","protected":false},"author":5,"featured_media":0,"parent":0,"menu_order":2,"comment_status":"closed","ping_status":"closed","template":"full-width.php","meta":{"footnotes":""},"class_list":["post-473","page","type-page","status-publish","hentry"],"yoast_head":"<!-- This site is optimized with the Yoast SEO plugin v27.4 - https:\/\/yoast.com\/product\/yoast-seo-wordpress\/ -->\n<title>Gaileara\u00ed - Anaclann D\u00falra an Ghleanna Ghairbh<\/title>\n<meta name=\"robots\" content=\"index, follow, max-snippet:-1, max-image-preview:large, max-video-preview:-1\" \/>\n<link rel=\"canonical\" href=\"https:\/\/www.glengarriffnaturereserve.ie\/ga\/gailearai\/\" \/>\n<meta property=\"og:locale\" content=\"ga_IE\" \/>\n<meta property=\"og:type\" content=\"article\" \/>\n<meta property=\"og:title\" content=\"Gaileara\u00ed - Anaclann D\u00falra an Ghleanna Ghairbh\" \/>\n<meta property=\"og:description\" content=\"Seo roinnt \u00edomh\u00e1nna \u00f3 Anaclann D\u00falra an Ghleanna Ghairbh\" \/>\n<meta property=\"og:url\" content=\"https:\/\/www.glengarriffnaturereserve.ie\/ga\/gailearai\/\" \/>\n<meta property=\"og:site_name\" content=\"Anaclann D\u00falra an Ghleanna Ghairbh\" \/>\n<meta property=\"article:publisher\" content=\"https:\/\/www.facebook.com\/GlengarriffWoodsNatureReserve\" \/>\n<meta name=\"twitter:card\" content=\"summary_large_image\" \/>\n<meta name=\"twitter:site\" content=\"@GlengarriffWood\" \/>\n<script type=\"application\/ld+json\" class=\"yoast-schema-graph\">{\"@context\":\"https:\\\/\\\/schema.org\",\"@graph\":[{\"@type\":\"WebPage\",\"@id\":\"https:\\\/\\\/www.glengarriffnaturereserve.ie\\\/ga\\\/gailearai\\\/\",\"url\":\"https:\\\/\\\/www.glengarriffnaturereserve.ie\\\/ga\\\/gailearai\\\/\",\"name\":\"Gaileara\u00ed - Anaclann D\u00falra an Ghleanna Ghairbh\",\"isPartOf\":{\"@id\":\"https:\\\/\\\/www.glengarriffnaturereserve.ie\\\/ga\\\/#website\"},\"datePublished\":\"2015-02-04T12:03:38+00:00\",\"breadcrumb\":{\"@id\":\"https:\\\/\\\/www.glengarriffnaturereserve.ie\\\/ga\\\/gailearai\\\/#breadcrumb\"},\"inLanguage\":\"ga-IE\",\"potentialAction\":[{\"@type\":\"ReadAction\",\"target\":[\"https:\\\/\\\/www.glengarriffnaturereserve.ie\\\/ga\\\/gailearai\\\/\"]}]},{\"@type\":\"BreadcrumbList\",\"@id\":\"https:\\\/\\\/www.glengarriffnaturereserve.ie\\\/ga\\\/gailearai\\\/#breadcrumb\",\"itemListElement\":[{\"@type\":\"ListItem\",\"position\":1,\"name\":\"Home\",\"item\":\"https:\\\/\\\/www.glengarriffnaturereserve.ie\\\/ga\\\/\"},{\"@type\":\"ListItem\",\"position\":2,\"name\":\"Gaileara\u00ed\"}]},{\"@type\":\"WebSite\",\"@id\":\"https:\\\/\\\/www.glengarriffnaturereserve.ie\\\/ga\\\/#website\",\"url\":\"https:\\\/\\\/www.glengarriffnaturereserve.ie\\\/ga\\\/\",\"name\":\"Anaclann D\u00falra an Ghleanna Ghairbh\",\"description\":\"\",\"potentialAction\":[{\"@type\":\"SearchAction\",\"target\":{\"@type\":\"EntryPoint\",\"urlTemplate\":\"https:\\\/\\\/www.glengarriffnaturereserve.ie\\\/ga\\\/?s={search_term_string}\"},\"query-input\":{\"@type\":\"PropertyValueSpecification\",\"valueRequired\":true,\"valueName\":\"search_term_string\"}}],\"inLanguage\":\"ga-IE\"}]}<\/script>\n<!-- \/ Yoast SEO plugin. -->","yoast_head_json":{"title":"Gaileara\u00ed - Anaclann D\u00falra an Ghleanna Ghairbh","robots":{"index":"index","follow":"follow","max-snippet":"max-snippet:-1","max-image-preview":"max-image-preview:large","max-video-preview":"max-video-preview:-1"},"canonical":"https:\/\/www.glengarriffnaturereserve.ie\/ga\/gailearai\/","og_locale":"ga_IE","og_type":"article","og_title":"Gaileara\u00ed - Anaclann D\u00falra an Ghleanna Ghairbh","og_description":"Seo roinnt \u00edomh\u00e1nna \u00f3 Anaclann D\u00falra an Ghleanna Ghairbh","og_url":"https:\/\/www.glengarriffnaturereserve.ie\/ga\/gailearai\/","og_site_name":"Anaclann D\u00falra an Ghleanna Ghairbh","article_publisher":"https:\/\/www.facebook.com\/GlengarriffWoodsNatureReserve","twitter_card":"summary_large_image","twitter_site":"@GlengarriffWood","schema":{"@context":"https:\/\/schema.org","@graph":[{"@type":"WebPage","@id":"https:\/\/www.glengarriffnaturereserve.ie\/ga\/gailearai\/","url":"https:\/\/www.glengarriffnaturereserve.ie\/ga\/gailearai\/","name":"Gaileara\u00ed - Anaclann D\u00falra an Ghleanna Ghairbh","isPartOf":{"@id":"https:\/\/www.glengarriffnaturereserve.ie\/ga\/#website"},"datePublished":"2015-02-04T12:03:38+00:00","breadcrumb":{"@id":"https:\/\/www.glengarriffnaturereserve.ie\/ga\/gailearai\/#breadcrumb"},"inLanguage":"ga-IE","potentialAction":[{"@type":"ReadAction","target":["https:\/\/www.glengarriffnaturereserve.ie\/ga\/gailearai\/"]}]},{"@type":"BreadcrumbList","@id":"https:\/\/www.glengarriffnaturereserve.ie\/ga\/gailearai\/#breadcrumb","itemListElement":[{"@type":"ListItem","position":1,"name":"Home","item":"https:\/\/www.glengarriffnaturereserve.ie\/ga\/"},{"@type":"ListItem","position":2,"name":"Gaileara\u00ed"}]},{"@type":"WebSite","@id":"https:\/\/www.glengarriffnaturereserve.ie\/ga\/#website","url":"https:\/\/www.glengarriffnaturereserve.ie\/ga\/","name":"Anaclann D\u00falra an Ghleanna Ghairbh","description":"","potentialAction":[{"@type":"SearchAction","target":{"@type":"EntryPoint","urlTemplate":"https:\/\/www.glengarriffnaturereserve.ie\/ga\/?s={search_term_string}"},"query-input":{"@type":"PropertyValueSpecification","valueRequired":true,"valueName":"search_term_string"}}],"inLanguage":"ga-IE"}]}},"_links":{"self":[{"href":"https:\/\/www.glengarriffnaturereserve.ie\/ga\/wp-json\/wp\/v2\/pages\/473","targetHints":{"allow":["GET"]}}],"collection":[{"href":"https:\/\/www.glengarriffnaturereserve.ie\/ga\/wp-json\/wp\/v2\/pages"}],"about":[{"href":"https:\/\/www.glengarriffnaturereserve.ie\/ga\/wp-json\/wp\/v2\/types\/page"}],"author":[{"embeddable":true,"href":"https:\/\/www.glengarriffnaturereserve.ie\/ga\/wp-json\/wp\/v2\/users\/5"}],"replies":[{"embeddable":true,"href":"https:\/\/www.glengarriffnaturereserve.ie\/ga\/wp-json\/wp\/v2\/comments?post=473"}],"version-history":[{"count":0,"href":"https:\/\/www.glengarriffnaturereserve.ie\/ga\/wp-json\/wp\/v2\/pages\/473\/revisions"}],"wp:attachment":[{"href":"https:\/\/www.glengarriffnaturereserve.ie\/ga\/wp-json\/wp\/v2\/media?parent=473"}],"curies":[{"name":"wp","href":"https:\/\/api.w.org\/{rel}","templated":true}]}}